{"id":5450,"date":"2022-01-14T11:11:31","date_gmt":"2022-01-14T09:11:31","guid":{"rendered":"https:\/\/vetatwork-project.eu\/avantages\/"},"modified":"2022-01-14T11:11:31","modified_gmt":"2022-01-14T09:11:31","slug":"avantages","status":"publish","type":"page","link":"https:\/\/vetatwork-project.eu\/fr\/avantages\/","title":{"rendered":"Avantages"},"content":{"rendered":"\t\t<div data-elementor-type=\"wp-page\" data-elementor-id=\"5450\" class=\"elementor elementor-5450 elementor-628\" data-elementor-post-type=\"page\">\n\t\t\t\t\t\t<section class=\"elementor-section elementor-top-section elementor-element elementor-element-8b0b259 elementor-section-content-middle elementor-section-boxed elementor-section-height-default elementor-section-height-default\" data-id=\"8b0b259\" data-element_type=\"section\">\n\t\t\t\t\t\t<div class=\"elementor-container elementor-column-gap-default\">\n\t\t\t\t\t<div class=\"elementor-column elementor-col-50 elementor-top-column elementor-element elementor-element-72bd10b\" data-id=\"72bd10b\" data-element_type=\"column\">\n\t\t\t<div class=\"elementor-widget-wrap elementor-element-populated\">\n\t\t\t\t\t\t<div class=\"elementor-element elementor-element-e9ccc22 elementor-widget elementor-widget-text-editor\" data-id=\"e9ccc22\" data-element_type=\"widget\" data-widget_type=\"text-editor.default\">\n\t\t\t\t<div class=\"elementor-widget-container\">\n\t\t\t\t\t\t\t<p>Avantages<\/p>\n\t\t\t\t\t\t<\/div>\n\t\t\t\t<\/div>\n\t\t\t\t<div class=\"elementor-element elementor-element-24a751c elementor-widget elementor-widget-text-editor\" data-id=\"24a751c\" data-element_type=\"widget\" data-widget_type=\"text-editor.default\">\n\t\t\t\t<div class=\"elementor-widget-container\">\n\t\t\t\t\t\t\t<p><strong>Introduction<\/strong><\/p>\n<p>Comme attendu, une collaboration transparente entre les prestataires de formation professionnelle et le monde du travail aura un effet positif sur la qualit\u00e9 de l\u2019enseignement et le d\u00e9veloppement des comp\u00e9tences des enseignants, des employeurs, des tuteurs professionnels et surtout des \u00e9tudiants.<\/p>\n\t\t\t\t\t\t<\/div>\n\t\t\t\t<\/div>\n\t\t\t\t<div class=\"elementor-element elementor-element-93c73fe elementor-widget elementor-widget-spacer\" data-id=\"93c73fe\" data-element_type=\"widget\" data-widget_type=\"spacer.default\">\n\t\t\t\t<div class=\"elementor-widget-container\">\n\t\t\t\t\t<div class=\"elementor-spacer\">\n\t\t\t<div class=\"elementor-spacer-inner\"><\/div>\n\t\t<\/div>\n\t\t\t\t<\/div>\n\t\t\t\t<\/div>\n\t\t\t\t\t<\/div>\n\t\t<\/div>\n\t\t\t\t<div class=\"elementor-column elementor-col-50 elementor-top-column elementor-element elementor-element-ec3b8b5\" data-id=\"ec3b8b5\" data-element_type=\"column\">\n\t\t\t<div class=\"elementor-widget-wrap elementor-element-populated\">\n\t\t\t\t\t\t<div class=\"elementor-element elementor-element-da7ba49 elementor-widget elementor-widget-image\" data-id=\"da7ba49\" data-element_type=\"widget\" data-widget_type=\"image.default\">\n\t\t\t\t<div class=\"elementor-widget-container\">\n\t\t\t\t\t\t\t\t\t\t\t\t\t<img fetchpriority=\"high\" decoding=\"async\" width=\"800\" height=\"800\" src=\"https:\/\/vetatwork-project.eu\/wp-content\/uploads\/2021\/09\/benefits-banner-Vet@Work@2.png\" class=\"attachment-full size-full wp-image-3022\" alt=\"benefits\" srcset=\"https:\/\/vetatwork-project.eu\/wp-content\/uploads\/2021\/09\/benefits-banner-Vet@Work@2.png 800w, https:\/\/vetatwork-project.eu\/wp-content\/uploads\/2021\/09\/benefits-banner-Vet@Work@2-300x300.png 300w, https:\/\/vetatwork-project.eu\/wp-content\/uploads\/2021\/09\/benefits-banner-Vet@Work@2-150x150.png 150w, https:\/\/vetatwork-project.eu\/wp-content\/uploads\/2021\/09\/benefits-banner-Vet@Work@2-768x768.png 768w\" sizes=\"(max-width: 800px) 100vw, 800px\" \/>\t\t\t\t\t\t\t\t\t\t\t\t\t<\/div>\n\t\t\t\t<\/div>\n\t\t\t\t\t<\/div>\n\t\t<\/div>\n\t\t\t\t\t<\/div>\n\t\t<\/section>\n\t\t\t\t<section class=\"elementor-section elementor-top-section elementor-element elementor-element-d6fc508 elementor-section-boxed elementor-section-height-default elementor-section-height-default\" data-id=\"d6fc508\" data-element_type=\"section\">\n\t\t\t\t\t\t<div class=\"elementor-container elementor-column-gap-default\">\n\t\t\t\t\t<div class=\"elementor-column elementor-col-100 elementor-top-column elementor-element elementor-element-fda7072\" data-id=\"fda7072\" data-element_type=\"column\">\n\t\t\t<div class=\"elementor-widget-wrap elementor-element-populated\">\n\t\t\t\t\t\t<div class=\"elementor-element elementor-element-8b15fa5 elementor-widget elementor-widget-text-editor\" data-id=\"8b15fa5\" data-element_type=\"widget\" data-widget_type=\"text-editor.default\">\n\t\t\t\t<div class=\"elementor-widget-container\">\n\t\t\t\t\t\t\t<p>Lorsque nous avons \u00e9valu\u00e9 l\u2019impact du projet et du manuel VET@work sur le renforcement de l\u2019engagement, nous nous sommes demand\u00e9\u00a0: 1) Avons-nous r\u00e9ussi \u00e0 \u00a0convaincre des cadres sup\u00e9rieurs de d\u00e9velopper un programme et d\u2019int\u00e9grer les collaborations VET@work dans les strat\u00e9gies et perspectives de l\u2019entreprise ; 2) Comment notre manuel soutient-il et encourage-t-il les collaborations VET@work entre les prestataires de formation professionnelle, les enseignants, les employeurs et les tuteurs professionnels\u00a0 3) Avons-nous \u00e9t\u00e9 en mesure de montrer \u00e0 quel point il est important que les prestataires de formation professionnelle et les employeurs mettent en \u0153uvre des politiques, des proc\u00e9dures et des ressources qui permettent et encouragent les collaborations VET@work?<\/p>\n<p>En ce qui concerne l\u2019\u00e9tablissement et le renforcement de la coop\u00e9ration existante, nous nous sommes pos\u00e9 les questions suivantes: 1) Comment notre manuel contribue-t-il \u00e0 cr\u00e9er des moyens de mettre en \u0153uvre une communication efficace et transparente entre les employeurs et les prestataires de formation professionnelle; 2) Comment le manuel peut-il aider \u00e0 assurer une collaboration durable et qualitative qui aboutit \u00e0 une situation gagnant-gagnant 3) Comment aider les prestataires de formation professionnelle et les employeurs \u00e0 \u00e9valuer leur \u00e9tat de pr\u00e9paration \u00e0 coop\u00e9rer et \u00e0 mettre en place une coop\u00e9ration adapt\u00e9e \u00e0 leur niveau d\u2019exp\u00e9rience<\/p>\n<p>Nous avons ensuite mis l\u2019accent sur la collaboration et nous nous sommes demand\u00e9 si\u00a0: 1) nous r\u00e9ussissions \u00e0 d\u00e9montrer l\u2019importance d\u2019int\u00e9grer un programme d\u2019apprentissage n\u00e9goci\u00e9, planifi\u00e9 et adapt\u00e9 qui r\u00e9pond aux besoins de toutes les parties; 2) \u00a0nous r\u00e9ussissions \u00e0 d\u00e9montrer l\u2019importance de s\u2019assurer que toutes les parties ont une compr\u00e9hension commune des objectifs d\u2019apprentissage et des d\u00e9finitions\/termes utilis\u00e9s dans la collaboration et 3)nous aidions les prestataires de formation professionnelle et les employeurs \u00e0 innover dans la fa\u00e7on dont ils coop\u00e8rent, communiquent , collaborent et am\u00e9liorent ainsi la qualit\u00e9 de la formation professionnelle.<\/p>\n\t\t\t\t\t\t<\/div>\n\t\t\t\t<\/div>\n\t\t\t\t<div class=\"elementor-element elementor-element-926ec4f elementor-tabs-alignment-stretch elementor-tabs-view-horizontal elementor-widget elementor-widget-tabs\" data-id=\"926ec4f\" data-element_type=\"widget\" data-widget_type=\"tabs.default\">\n\t\t\t\t<div class=\"elementor-widget-container\">\n\t\t\t\t\t<div class=\"elementor-tabs\">\n\t\t\t<div class=\"elementor-tabs-wrapper\" role=\"tablist\" >\n\t\t\t\t\t\t\t\t\t<div id=\"elementor-tab-title-1531\" class=\"elementor-tab-title elementor-tab-desktop-title\" aria-selected=\"true\" data-tab=\"1\" role=\"tab\" tabindex=\"0\" aria-controls=\"elementor-tab-content-1531\" aria-expanded=\"false\">Impacts positifs de VET@work <\/div>\n\t\t\t\t\t\t\t\t\t<div id=\"elementor-tab-title-1532\" class=\"elementor-tab-title elementor-tab-desktop-title\" aria-selected=\"false\" data-tab=\"2\" role=\"tab\" tabindex=\"-1\" aria-controls=\"elementor-tab-content-1532\" aria-expanded=\"false\">Impacts anticip\u00e9s apr\u00e8s la mise en place de collaborations VET@work<\/div>\n\t\t\t\t\t\t\t<\/div>\n\t\t\t<div class=\"elementor-tabs-content-wrapper\" role=\"tablist\" aria-orientation=\"vertical\">\n\t\t\t\t\t\t\t\t\t<div class=\"elementor-tab-title elementor-tab-mobile-title\" aria-selected=\"true\" data-tab=\"1\" role=\"tab\" tabindex=\"0\" aria-controls=\"elementor-tab-content-1531\" aria-expanded=\"false\">Impacts positifs de VET@work <\/div>\n\t\t\t\t\t<div id=\"elementor-tab-content-1531\" class=\"elementor-tab-content elementor-clearfix\" data-tab=\"1\" role=\"tabpanel\" aria-labelledby=\"elementor-tab-title-1531\" tabindex=\"0\" hidden=\"false\"><p style=\"text-align: justify;\">Le projet a donn\u00e9 de nombreux r\u00e9sultats positifs pour tous ceux d\u2019entre nous qui y ont particip\u00e9 et qui ont eu l\u2019occasion de tester et de mettre en \u0153uvre les meilleures pratiques d\u00e9crites dans le chapitre M\u00e9thodologie.<\/p>\n<p style=\"text-align: justify;\">Tout d\u2019abord, la collaboration transparente et durable nous a permis de g\u00e9n\u00e9rer et de tester des id\u00e9es. Certaines ont eu plus de succ\u00e8s que d\u2019autres, mais toutes les id\u00e9es et tous les tests nous ont aid\u00e9s \u00e0 grandir et \u00e0 devenir meilleurs dans la communication, la coop\u00e9ration, la collaboration et la c\u00e9l\u00e9bration. Nous avons appris \u00e0 promouvoir l\u2019id\u00e9e de collaborations VET@work et \u00e0 identifier les obstacles potentiels. Conna\u00eetre les difficult\u00e9s que nous sommes susceptibles de rencontrer nous aidera \u00e0 les surmonter et nous rendra plus performants pour y faire face.<\/p>\n<p style=\"text-align: justify;\">Nous sommes maintenant beaucoup plus confiants dans la fa\u00e7on d\u2019approcher les prestataires de formation professionnelle et les employeurs. Nous savons \u00e0 quel point il est important de communiquer ouvertement sur ce que nous voulons r\u00e9aliser et de nous assurer que nous comprenons de la m\u00eame mani\u00e8re les probl\u00e8mes et les sujets auxquels nous sommes confront\u00e9s. Nous avons am\u00e9lior\u00e9 nos comp\u00e9tences en communication et appris que nous devons fournir un effort suppl\u00e9mentaire pour nous assurer que nous comprenons de la m\u00eame mani\u00e8re les termes utilis\u00e9s. S\u2019assurer que nous parlons \u00ab le m\u00eame \u00bb langage augmentera la volont\u00e9 de collaborer et se traduira par des possibilit\u00e9s de collaboration meilleures et plus nombreuses.<\/p>\n<p style=\"text-align: justify;\">L\u2019un des impacts les plus pr\u00e9cieux est que VET@work a aid\u00e9 les organismes de formation et les enseignants \u00e0 mieux appr\u00e9cier les comp\u00e9tences et les connaissances qui existent dans les entreprises.<\/p>\n<p style=\"text-align: justify;\">Ils sont devenus plus aptes \u00e0 \u00e9valuer les gains et les effets des collaborations de type VET@work, \u00e0 communiquer les avantages aux autres personnes directement et\/ou indirectement impliqu\u00e9es. Cela a \u00e9galement donn\u00e9 aux employeurs un aper\u00e7u de la formation professionnelle th\u00e9orique, une meilleure appr\u00e9ciation de ce qui se passe dans un centre de formation et des r\u00e9alit\u00e9s auxquelles la formation professionnelle est (souvent) confront\u00e9e. L\u2019am\u00e9lioration de la compr\u00e9hension et de l\u2019appr\u00e9ciation a contribu\u00e9 \u00e0 am\u00e9liorer la communication et \u00e0 \u00e9tablir des relations fond\u00e9es sur la confiance, le respect et la compr\u00e9hension. Cela aura \u00e0 son tour un impact positif sur la qualit\u00e9 de la collaboration et le d\u00e9veloppement des comp\u00e9tences.<\/p>\n<p style=\"text-align: justify;\">Nous avons \u00e9galement remarqu\u00e9 qu\u2019\u00e0 mesure que la confiance et le respect grandissent, le sentiment d\u2019autonomisation augmente \u00e9galement ! Les employeurs, les tuteurs professionnels, les enseignants et les prestataires de formation se sentent responsabilis\u00e9s et veulent en faire plus. Il en r\u00e9sulte un cercle vertueux qui se traduit par une meilleure communication, une coop\u00e9ration plus approfondies. Les employeurs peuvent observer un large panel d\u2019\u00e9tudiants et avoir la possibilit\u00e9 de s\u00e9lectionner ceux qui s\u2019int\u00e8grent le mieux dans leur entreprise. Pour citer l\u2019un des employeurs interrog\u00e9s lors d\u2019une r\u00e9union transnationale : \u00ab L\u2019\u00e9tudiante n\u2019est peut-\u00eatre pas la meilleure \u00e9tudiante, elle n\u2019est peut-\u00eatre pas l\u2019\u00e9tudiante la plus forte, mais la collaboration m\u2019aidera \u00e0 savoir quel \u00e9tudiant conviendrait le mieux, \u00e0 mes employ\u00e9s et \u00e0 mon entreprise. \u00bb Cela permettra \u00e0 un plus grand nombre d\u2019\u00e9tudiants d\u2019obtenir un contrat de travail \u00e0 long terme tout en continuant \u00e0 \u00e9tudier et dans de nombreux cas, les \u00e9tudiants pourront se voir offrir un apprentissage en poursuivant leurs \u00e9tudes.<\/p>\n<p style=\"text-align: justify;\">Pour nous, VET@work a \u00e9t\u00e9 l\u2019occasion de construire une vision commune pour une plus grande collaboration. Cela nous a donn\u00e9 la confiance n\u00e9cessaire pour d\u00e9velopper de nouvelles id\u00e9es et les partager avec d\u2019autres (employeurs, employ\u00e9s, tuteurs professionnels, prestataires de formation professionnelle, enseignants, \u00e9tudiants, etc.). Cela nous a permis de se POSER et de R\u00c9FL\u00c9CHIR \u00e0 la fa\u00e7on dont nous travaillons, \u00e0 ce que nous voulons r\u00e9aliser et \u00e0 la fa\u00e7on dont nous pouvons y parvenir gr\u00e2ce \u00e0 VET@work collaboration. Cela nous a permis d\u2019am\u00e9liorer nos comp\u00e9tences en communication, en coop\u00e9ration et nous a montr\u00e9 \u00e0 quel point il est important de partager et de c\u00e9l\u00e9brer les r\u00e9ussites. Cela a permis aussi de prendre conscience que m\u00eame si la coop\u00e9ration professionnelle n\u00e9cessite des ressources nous en serons r\u00e9compens\u00e9s et en r\u00e9colterons les fruits.<\/p>\n<p style=\"text-align: justify;\">Nous sommes \u00e9galement conscients que toutes les m\u00e9thodologies ne conviennent pas \u00e0 tout le monde. Mais si nous avons r\u00e9ussi \u00e0 encourager et \u00e0 soutenir la mise en \u0153uvre d\u2019une m\u00e9thodologie pour la collaboration VET@work entre un employeur et un prestataire de formation professionnelle, nous avons eu un impact ! Impact qui entra\u00eenera (tr\u00e8s probablement d\u2019autres collaborations VET@work)<\/p>\n<\/div>\n\t\t\t\t\t\t\t\t\t<div class=\"elementor-tab-title elementor-tab-mobile-title\" aria-selected=\"false\" data-tab=\"2\" role=\"tab\" tabindex=\"-1\" aria-controls=\"elementor-tab-content-1532\" aria-expanded=\"false\">Impacts anticip\u00e9s apr\u00e8s la mise en place de collaborations VET@work<\/div>\n\t\t\t\t\t<div id=\"elementor-tab-content-1532\" class=\"elementor-tab-content elementor-clearfix\" data-tab=\"2\" role=\"tabpanel\" aria-labelledby=\"elementor-tab-title-1532\" tabindex=\"0\" hidden=\"hidden\"><p style=\"text-align: justify;\">\u00c0 quels impacts peut-on s\u2019attendre si vous mettez en place les collaborations VET@work d\u00e9crites dans ce manuel ? Eh bien, tout d\u2019abord, vous aurez une appr\u00e9ciation plus grande et plus profonde de ce que le monde professionnel peut offrir au prestataire de formation et vice versa. Vous verrez les sc\u00e9narios gagnant-gagnant et vous serez en mesure de renforcer la qualit\u00e9 de l\u2019enseignement professionnel et le d\u00e9veloppement des comp\u00e9tences de toutes les parties concern\u00e9es. Les \u00e9tudiants trouveront la formation et l\u2019apprentissage plus stimulants et gratifiants, ce qui fera de la formation professionnelle une option attrayante pour les apprenants.<\/p>\n<p style=\"text-align: justify;\">Les \u00e9tudiants auront de meilleures chances d\u2019apprendre ce que l\u2019on attend d\u2019eux dans la vie active, ils acquerront des comp\u00e9tences qui leur seront \u00a0utiles et qui seront b\u00e9n\u00e9fiques au monde du travail.. Les enseignants qui comprennent le march\u00e9 du travail et le monde professionnel resteront en prise avec les r\u00e9alit\u00e9s. Leurs comp\u00e9tences p\u00e9dagogiques seront mieux adapt\u00e9es aux besoins du XXIe si\u00e8cle et ils deviendront de meilleurs enseignants et tuteurs pour les \u00e9tudiants qui sont sur le point d\u2019entrer dans le monde du travail<\/p>\n<p style=\"text-align: justify;\">Les \u00e9tudiants pourront apprendre \u00e0 la fois des enseignants, des employeurs et des employ\u00e9s. Ils seront en mesure d\u2019avoir une compr\u00e9hension r\u00e9aliste du monde du travail et de ce que l\u2019on attend d\u2019eux lorsqu\u2019ils entreront dans celui-ci en tant qu\u2019employ\u00e9s \/ employeurs.<\/p>\n<p style=\"text-align: justify;\">L\u2019\u00e9cart entre les prestataires de formation professionnelles et les employeurs dispara\u00eetra, gr\u00e2ce \u00e0 une meilleure collaboration fond\u00e9e sur une communication transparente, la formation professionnelle deviendra plus flexible \u00e0 mesure que l\u2019employeur et les prestataires de formation travailleront c\u00f4te \u00e0 c\u00f4te pour r\u00e9pondre aux besoins des \u00e9tudiants. Les programmes d\u2019\u00e9tudes seront \u00e9labor\u00e9s et mis en \u0153uvre ensemble et des connaissances de pointe de m\u00e9tiers seront transmises au centre de formation. Un apprentissage plus sp\u00e9cifique en entreprise bas\u00e9 sur les besoins existants dans la soci\u00e9t\u00e9 sera une possibilit\u00e9 et donnera aux \u00e9tudiants l\u2019occasion d\u2019en apprendre davantage sur les pratiques actuelles les plus r\u00e9centes. Il encouragera et permettra la mise en \u0153uvre d\u2019une approche holistique de l\u2019enseignement professionnel et am\u00e9liorera la r\u00e9putation du centre de formation et des employeurs. Cela se traduira \u00e9galement par une main-d\u2019\u0153uvre qualifi\u00e9e performante, des enseignants, des \u00e9tudiants, des employ\u00e9s et des employeurs plus satisfaits.<\/p>\n<\/div>\n\t\t\t\t\t\t\t<\/div>\n\t\t<\/div>\n\t\t\t\t<\/div>\n\t\t\t\t<\/div>\n\t\t\t\t<div class=\"elementor-element elementor-element-44e46bc elementor-widget elementor-widget-spacer\" data-id=\"44e46bc\" data-element_type=\"widget\" data-widget_type=\"spacer.default\">\n\t\t\t\t<div class=\"elementor-widget-container\">\n\t\t\t\t\t<div class=\"elementor-spacer\">\n\t\t\t<div class=\"elementor-spacer-inner\"><\/div>\n\t\t<\/div>\n\t\t\t\t<\/div>\n\t\t\t\t<\/div>\n\t\t\t\t\t<\/div>\n\t\t<\/div>\n\t\t\t\t\t<\/div>\n\t\t<\/section>\n\t\t\t\t<\/div>\n\t\t","protected":false},"excerpt":{"rendered":"<p>Avantages Introduction Comme attendu, une collaboration transparente entre les prestataires de formation professionnelle et le monde du travail aura un effet positif sur la qualit\u00e9 de l\u2019enseignement et le d\u00e9veloppement des comp\u00e9tences des enseignants, des employeurs, des tuteurs professionnels et surtout des \u00e9tudiants. Lorsque nous avons \u00e9valu\u00e9 l\u2019impact du projet et du manuel VET@work sur [&hellip;]<\/p>\n","protected":false},"author":3,"featured_media":0,"parent":0,"menu_order":0,"comment_status":"closed","ping_status":"closed","template":"","meta":{"site-sidebar-layout":"no-sidebar","site-content-layout":"page-builder","ast-site-content-layout":"","site-content-style":"default","site-sidebar-style":"default","ast-global-header-display":"","ast-banner-title-visibility":"","ast-main-header-display":"","ast-hfb-above-header-display":"","ast-hfb-below-header-display":"","ast-hfb-mobile-header-display":"","site-post-title":"disabled","ast-breadcrumbs-content":"","ast-featured-img":"disabled","footer-sml-layout":"","theme-transparent-header-meta":"","adv-header-id-meta":"","stick-header-meta":"","header-above-stick-meta":"","header-main-stick-meta":"","header-below-stick-meta":"","astra-migrate-meta-layouts":"default","ast-page-background-enabled":"default","ast-page-background-meta":{"desktop":{"background-color":"","background-image":"","background-repeat":"repeat","background-position":"center center","background-size":"auto","background-attachment":"scroll","background-type":"","background-media":"","overlay-type":"","overlay-color":"","overlay-opacity":"","overlay-gradient":""},"tablet":{"background-color":"","background-image":"","background-repeat":"repeat","background-position":"center center","background-size":"auto","background-attachment":"scroll","background-type":"","background-media":"","overlay-type":"","overlay-color":"","overlay-opacity":"","overlay-gradient":""},"mobile":{"background-color":"","background-image":"","background-repeat":"repeat","background-position":"center center","background-size":"auto","background-attachment":"scroll","background-type":"","background-media":"","overlay-type":"","overlay-color":"","overlay-opacity":"","overlay-gradient":""}},"ast-content-background-meta":{"desktop":{"background-color":"var(--ast-global-color-5)","background-image":"","background-repeat":"repeat","background-position":"center center","background-size":"auto","background-attachment":"scroll","background-type":"","background-media":"","overlay-type":"","overlay-color":"","overlay-opacity":"","overlay-gradient":""},"tablet":{"background-color":"var(--ast-global-color-5)","background-image":"","background-repeat":"repeat","background-position":"center center","background-size":"auto","background-attachment":"scroll","background-type":"","background-media":"","overlay-type":"","overlay-color":"","overlay-opacity":"","overlay-gradient":""},"mobile":{"background-color":"var(--ast-global-color-5)","background-image":"","background-repeat":"repeat","background-position":"center center","background-size":"auto","background-attachment":"scroll","background-type":"","background-media":"","overlay-type":"","overlay-color":"","overlay-opacity":"","overlay-gradient":""}},"footnotes":""},"class_list":["post-5450","page","type-page","status-publish","hentry"],"_links":{"self":[{"href":"https:\/\/vetatwork-project.eu\/fr\/wp-json\/wp\/v2\/pages\/5450","targetHints":{"allow":["GET"]}}],"collection":[{"href":"https:\/\/vetatwork-project.eu\/fr\/wp-json\/wp\/v2\/pages"}],"about":[{"href":"https:\/\/vetatwork-project.eu\/fr\/wp-json\/wp\/v2\/types\/page"}],"author":[{"embeddable":true,"href":"https:\/\/vetatwork-project.eu\/fr\/wp-json\/wp\/v2\/users\/3"}],"replies":[{"embeddable":true,"href":"https:\/\/vetatwork-project.eu\/fr\/wp-json\/wp\/v2\/comments?post=5450"}],"version-history":[{"count":1,"href":"https:\/\/vetatwork-project.eu\/fr\/wp-json\/wp\/v2\/pages\/5450\/revisions"}],"predecessor-version":[{"id":5451,"href":"https:\/\/vetatwork-project.eu\/fr\/wp-json\/wp\/v2\/pages\/5450\/revisions\/5451"}],"wp:attachment":[{"href":"https:\/\/vetatwork-project.eu\/fr\/wp-json\/wp\/v2\/media?parent=5450"}],"curies":[{"name":"wp","href":"https:\/\/api.w.org\/{rel}","templated":true}]}}